{"id":1478,"date":"2016-12-16T10:09:04","date_gmt":"2016-12-16T09:09:04","guid":{"rendered":"https:\/\/www.aeroport-rodez.fr\/?page_id=1478\/"},"modified":"2018-11-19T11:34:29","modified_gmt":"2018-11-19T10:34:29","slug":"salles-de-reunion","status":"publish","type":"page","link":"https:\/\/www.aeroport-rodez.fr\/en\/services-restaurant\/salles-de-reunion\/","title":{"rendered":"Meeting rooms"},"content":{"rendered":"<p style=\"text-align: center;\"><span class=\"titre-h2\">BRING YOUR CO-WORKERS TOGETHER<br \/>\n <\/span><\/p>\n<p style=\"text-align: center;\"><span class=\"titre-h2\">ORGANISE MEETINGS AND EVENTS<\/span><\/p>\n<p style=\"text-align: center;\">\u00a0<\/p>\n<p style=\"text-align: center;\">{{col-2}}<\/p>\n<p><span class=\"titre-h3\">A MEETING, A WORK AREA&#8230;<br \/>\n <\/span><\/p>\n<p><span class=\"titre-h4\">You are looking for an area dedicated to your seminars, meetings, conferences&#8230; Rodez-Aveyron airport offers you the rental of different rooms with WIFI and video projector:<\/span><\/p>\n<ul>\n<li><span class=\"titre-h4\">Conference room up to 70 seats &#8211; Day 200 \u20ac and half-day 125 \u20ac<\/span><\/li>\n<li><span class=\"titre-h4\">Meeting room up to 15 places &#8211; Day 125\u20ac and half-day 75\u20ac<\/span><\/li>\n<\/ul>\n<p style=\"text-align: left;\">\u00a0<\/p>\n<p style=\"text-align: center;\"><span class=\"titre-h4\">{{col-2}}<\/span><\/p>\n<h4 style=\"text-align: center;\">\u00a0<\/h4>\n<h4 style=\"text-align: center;\">\u00a0<\/h4>\n<p style=\"text-align: center;\"><span class=\"titre-h4\">A dedicated room in our airport restaurant welcomes you<\/span><\/p>\n<p style=\"text-align: center;\"><span class=\"titre-h4\">for your lunch breaks and business meals!<\/span><\/p>\n<h4 style=\"text-align: center;\"><span class=\"titre-h4\">\u00a0<\/span><\/h4>\n<p>&nbsp;<\/p>\n<h3 style=\"text-align: center;\"><span class=\"bleu-clair\">FREE Parking !<\/span><\/h3>\n<p>{{col-1}}<\/p>\n<p>&nbsp;<\/p>\n<p><img loading=\"lazy\" class=\"aligncenter wp-image-2712 size-full\" src=\"https:\/\/www.aeroport-rodez.fr\/wp-content\/uploads\/2016\/12\/decouvrir-nos-services.png\" width=\"1920\" height=\"458\" srcset=\"https:\/\/www.aeroport-rodez.fr\/wp-content\/uploads\/2016\/12\/decouvrir-nos-services.png 1920w, https:\/\/www.aeroport-rodez.fr\/wp-content\/uploads\/2016\/12\/decouvrir-nos-services-300x72.png 300w, https:\/\/www.aeroport-rodez.fr\/wp-content\/uploads\/2016\/12\/decouvrir-nos-services-768x183.png 768w\" sizes=\"(max-width: 1920px) 100vw, 1920px\" \/><\/p>\n<p>&nbsp;<\/p>\n<p>{{col-1}}<\/p>\n<hr \/>\n<p style=\"text-align: center;\">\u00a0{{col-2}}<\/p>\n<p><span class=\"gros-texte\">NEW !<\/span><\/p>\n<h4 style=\"text-align: left;\">\u00a0<\/h4>\n<h4 style=\"text-align: left;\"><span class=\"gros-texte bleu-clair\">CONNECTED DIGITAL SCREEN<\/span><\/h4>\n<p><span class=\"titre-h4\">We equip our rooms with a CDS (Connected Digital Screen) to give you all the necessary comfort for your meetings and presentations!<\/span><\/p>\n<p><span class=\"titre-h4\">This interactive and tactile screen allows you to work in a user-friendly way and optimize your presentations. The\u00a0CDS is an easy-to-use tool thanks to its intuitive interface.<\/span><\/p>\n<p><span class=\"titre-h4\">The key features of the screen are:<\/span><\/p>\n<ul>\n<li><span class=\"titre-h4\">Document Annotation &#8211; replaces the paperboard<\/span><\/li>\n<li><span class=\"titre-h4\">Internet browsing &#8211; unlimited access to the web<\/span><\/li>\n<li><span class=\"titre-h4\">Video conference &#8211; compatibility (UCS, UCS Advanced and Skype for Business)<\/span><\/li>\n<li><span class=\"titre-h4\">Document sharing &#8211; real-time reading by all\u00a0co-worker<\/span><\/li>\n<li><span class=\"titre-h4\">High resolution display &#8211;\u00a0perfect for heavy videos<\/span><\/li>\n<\/ul>\n<p style=\"text-align: justify;\"><span class=\"titre-h4\">\u00a0<\/span><\/p>\n<p>&nbsp;<\/p>\n<p>{{col-2}}<\/p>\n<p>&nbsp;<\/p>\n<p><img loading=\"lazy\" class=\"aligncenter wp-image-2745 size-full\" src=\"https:\/\/www.aeroport-rodez.fr\/wp-content\/uploads\/2016\/12\/enc-salle-de-reunion.png\" width=\"2362\" height=\"1889\" srcset=\"https:\/\/www.aeroport-rodez.fr\/wp-content\/uploads\/2016\/12\/enc-salle-de-reunion.png 2362w, https:\/\/www.aeroport-rodez.fr\/wp-content\/uploads\/2016\/12\/enc-salle-de-reunion-300x240.png 300w, https:\/\/www.aeroport-rodez.fr\/wp-content\/uploads\/2016\/12\/enc-salle-de-reunion-768x614.png 768w, https:\/\/www.aeroport-rodez.fr\/wp-content\/uploads\/2016\/12\/enc-salle-de-reunion-1280x1024.png 1280w\" sizes=\"(max-width: 2362px) 100vw, 2362px\" \/><\/p>\n<p>&nbsp;<\/p>\n<h4 style=\"text-align: center;\">{{col-1}}\u00a0<\/h4>\n<p>&nbsp;<\/p>\n<h4 style=\"text-align: center;\"><span class=\"gros-texte\">Information\u00a0and reservations<\/span><\/h4>\n<h4 style=\"text-align: center;\"><span class=\"gros-texte bleu-clair\">T\u00e9l:\u00a0 <span style=\"text-decoration: underline;\">+33\u00a0<a href=\"tel:+33565760209\">5 65 76 02 19<\/a><\/span><\/span><\/h4>\n<p>&nbsp;<\/p>\n<p>&nbsp;<\/p>\n<p>&nbsp;<\/p>\n<p>&nbsp;<\/p>\n<p>&nbsp;<\/p>\n","protected":false},"excerpt":{"rendered":"<p>BRING YOUR CO-WORKERS TOGETHER ORGANISE MEETINGS AND EVENTS \u00a0 {{col-2}} A MEETING, A WORK AREA&#8230; You are looking for an area dedicated to your seminars, meetings, conferences&#8230; Rodez-Aveyron &#8230;<\/p>\n","protected":false},"author":2,"featured_media":2389,"parent":463,"menu_order":16,"comment_status":"closed","ping_status":"closed","template":"","meta":[],"yoast_head":"<!-- This site is optimized with the Yoast SEO plugin v19.13 - https:\/\/yoast.com\/wordpress\/plugins\/seo\/ -->\n<title>Salles de R\u00e9union - A\u00e9roport Rodez-Aveyron<\/title>\n<meta name=\"description\" content=\"Vous recherchez un espace de travail, un lieu de s\u00e9minaire, une salle pour vos r\u00e9union... L&#039;a\u00e9roport Rodez-Aveyron met \u00e0 votre disposition des salles...\" \/>\n<meta name=\"robots\" content=\"index, follow, max-snippet:-1, max-image-preview:large, max-video-preview:-1\" \/>\n<link rel=\"canonical\" href=\"https:\/\/www.aeroport-rodez.fr\/en\/services-restaurant\/salles-de-reunion\/\" \/>\n<meta property=\"og:locale\" content=\"en_GB\" \/>\n<meta property=\"og:type\" content=\"article\" \/>\n<meta property=\"og:title\" content=\"Salles de R\u00e9union - A\u00e9roport Rodez-Aveyron\" \/>\n<meta property=\"og:description\" content=\"Vous recherchez un espace de travail, un lieu de s\u00e9minaire, une salle pour vos r\u00e9union... L&#039;a\u00e9roport Rodez-Aveyron met \u00e0 votre disposition des salles...\" \/>\n<meta property=\"og:url\" content=\"https:\/\/www.aeroport-rodez.fr\/en\/services-restaurant\/salles-de-reunion\/\" \/>\n<meta property=\"og:site_name\" content=\"A\u00e9roport Rodez\" \/>\n<meta property=\"article:publisher\" content=\"https:\/\/www.facebook.com\/A%c3%a9roport-Rodez-Aveyron-341518136231765\/\" \/>\n<meta property=\"article:modified_time\" content=\"2018-11-19T10:34:29+00:00\" \/>\n<meta property=\"og:image\" content=\"https:\/\/www.aeroport-rodez.fr\/wp-content\/uploads\/2016\/12\/miniature-salle-de-reunion.png\" \/>\n\t<meta property=\"og:image:width\" content=\"580\" \/>\n\t<meta property=\"og:image:height\" content=\"360\" \/>\n\t<meta property=\"og:image:type\" content=\"image\/png\" \/>\n<meta name=\"twitter:card\" content=\"summary_large_image\" \/>\n<meta name=\"twitter:label1\" content=\"Estimated reading time\" \/>\n\t<meta name=\"twitter:data1\" content=\"1 minute\" \/>\n<script type=\"application\/ld+json\" class=\"yoast-schema-graph\">{\"@context\":\"https:\/\/schema.org\",\"@graph\":[{\"@type\":\"WebPage\",\"@id\":\"https:\/\/www.aeroport-rodez.fr\/en\/services-restaurant\/salles-de-reunion\/\",\"url\":\"https:\/\/www.aeroport-rodez.fr\/en\/services-restaurant\/salles-de-reunion\/\",\"name\":\"Salles de R\u00e9union - A\u00e9roport Rodez-Aveyron\",\"isPartOf\":{\"@id\":\"https:\/\/www.aeroport-rodez.fr\/#website\"},\"datePublished\":\"2016-12-16T09:09:04+00:00\",\"dateModified\":\"2018-11-19T10:34:29+00:00\",\"description\":\"Vous recherchez un espace de travail, un lieu de s\u00e9minaire, une salle pour vos r\u00e9union... L'a\u00e9roport Rodez-Aveyron met \u00e0 votre disposition des salles...\",\"breadcrumb\":{\"@id\":\"https:\/\/www.aeroport-rodez.fr\/en\/services-restaurant\/salles-de-reunion\/#breadcrumb\"},\"inLanguage\":\"fr-FR\",\"potentialAction\":[{\"@type\":\"ReadAction\",\"target\":[\"https:\/\/www.aeroport-rodez.fr\/en\/services-restaurant\/salles-de-reunion\/\"]}]},{\"@type\":\"BreadcrumbList\",\"@id\":\"https:\/\/www.aeroport-rodez.fr\/en\/services-restaurant\/salles-de-reunion\/#breadcrumb\",\"itemListElement\":[{\"@type\":\"ListItem\",\"position\":1,\"name\":\"Accueil\",\"item\":\"https:\/\/www.aeroport-rodez.fr\/en\/\"},{\"@type\":\"ListItem\",\"position\":2,\"name\":\"Services &#038; restaurant\",\"item\":\"https:\/\/www.aeroport-rodez.fr\/en\/services-restaurant\/\"},{\"@type\":\"ListItem\",\"position\":3,\"name\":\"Meeting rooms\"}]},{\"@type\":\"WebSite\",\"@id\":\"https:\/\/www.aeroport-rodez.fr\/#website\",\"url\":\"https:\/\/www.aeroport-rodez.fr\/\",\"name\":\"A\u00e9roport Rodez\",\"description\":\"\",\"potentialAction\":[{\"@type\":\"SearchAction\",\"target\":{\"@type\":\"EntryPoint\",\"urlTemplate\":\"https:\/\/www.aeroport-rodez.fr\/?s={search_term_string}\"},\"query-input\":\"required name=search_term_string\"}],\"inLanguage\":\"fr-FR\"}]}<\/script>\n<!-- \/ Yoast SEO plugin. -->","yoast_head_json":{"title":"Salles de R\u00e9union - A\u00e9roport Rodez-Aveyron","description":"Vous recherchez un espace de travail, un lieu de s\u00e9minaire, une salle pour vos r\u00e9union... L'a\u00e9roport Rodez-Aveyron met \u00e0 votre disposition des salles...","robots":{"index":"index","follow":"follow","max-snippet":"max-snippet:-1","max-image-preview":"max-image-preview:large","max-video-preview":"max-video-preview:-1"},"canonical":"https:\/\/www.aeroport-rodez.fr\/en\/services-restaurant\/salles-de-reunion\/","og_locale":"en_GB","og_type":"article","og_title":"Salles de R\u00e9union - A\u00e9roport Rodez-Aveyron","og_description":"Vous recherchez un espace de travail, un lieu de s\u00e9minaire, une salle pour vos r\u00e9union... L'a\u00e9roport Rodez-Aveyron met \u00e0 votre disposition des salles...","og_url":"https:\/\/www.aeroport-rodez.fr\/en\/services-restaurant\/salles-de-reunion\/","og_site_name":"A\u00e9roport Rodez","article_publisher":"https:\/\/www.facebook.com\/A%c3%a9roport-Rodez-Aveyron-341518136231765\/","article_modified_time":"2018-11-19T10:34:29+00:00","og_image":[{"width":580,"height":360,"url":"https:\/\/www.aeroport-rodez.fr\/wp-content\/uploads\/2016\/12\/miniature-salle-de-reunion.png","type":"image\/png"}],"twitter_card":"summary_large_image","twitter_misc":{"Estimated reading time":"1 minute"},"schema":{"@context":"https:\/\/schema.org","@graph":[{"@type":"WebPage","@id":"https:\/\/www.aeroport-rodez.fr\/en\/services-restaurant\/salles-de-reunion\/","url":"https:\/\/www.aeroport-rodez.fr\/en\/services-restaurant\/salles-de-reunion\/","name":"Salles de R\u00e9union - A\u00e9roport Rodez-Aveyron","isPartOf":{"@id":"https:\/\/www.aeroport-rodez.fr\/#website"},"datePublished":"2016-12-16T09:09:04+00:00","dateModified":"2018-11-19T10:34:29+00:00","description":"Vous recherchez un espace de travail, un lieu de s\u00e9minaire, une salle pour vos r\u00e9union... L'a\u00e9roport Rodez-Aveyron met \u00e0 votre disposition des salles...","breadcrumb":{"@id":"https:\/\/www.aeroport-rodez.fr\/en\/services-restaurant\/salles-de-reunion\/#breadcrumb"},"inLanguage":"fr-FR","potentialAction":[{"@type":"ReadAction","target":["https:\/\/www.aeroport-rodez.fr\/en\/services-restaurant\/salles-de-reunion\/"]}]},{"@type":"BreadcrumbList","@id":"https:\/\/www.aeroport-rodez.fr\/en\/services-restaurant\/salles-de-reunion\/#breadcrumb","itemListElement":[{"@type":"ListItem","position":1,"name":"Accueil","item":"https:\/\/www.aeroport-rodez.fr\/en\/"},{"@type":"ListItem","position":2,"name":"Services &#038; restaurant","item":"https:\/\/www.aeroport-rodez.fr\/en\/services-restaurant\/"},{"@type":"ListItem","position":3,"name":"Meeting rooms"}]},{"@type":"WebSite","@id":"https:\/\/www.aeroport-rodez.fr\/#website","url":"https:\/\/www.aeroport-rodez.fr\/","name":"A\u00e9roport Rodez","description":"","potentialAction":[{"@type":"SearchAction","target":{"@type":"EntryPoint","urlTemplate":"https:\/\/www.aeroport-rodez.fr\/?s={search_term_string}"},"query-input":"required name=search_term_string"}],"inLanguage":"fr-FR"}]}},"_links":{"self":[{"href":"https:\/\/www.aeroport-rodez.fr\/en\/wp-json\/wp\/v2\/pages\/1478"}],"collection":[{"href":"https:\/\/www.aeroport-rodez.fr\/en\/wp-json\/wp\/v2\/pages"}],"about":[{"href":"https:\/\/www.aeroport-rodez.fr\/en\/wp-json\/wp\/v2\/types\/page"}],"author":[{"embeddable":true,"href":"https:\/\/www.aeroport-rodez.fr\/en\/wp-json\/wp\/v2\/users\/2"}],"replies":[{"embeddable":true,"href":"https:\/\/www.aeroport-rodez.fr\/en\/wp-json\/wp\/v2\/comments?post=1478"}],"version-history":[{"count":16,"href":"https:\/\/www.aeroport-rodez.fr\/en\/wp-json\/wp\/v2\/pages\/1478\/revisions"}],"predecessor-version":[{"id":2778,"href":"https:\/\/www.aeroport-rodez.fr\/en\/wp-json\/wp\/v2\/pages\/1478\/revisions\/2778"}],"up":[{"embeddable":true,"href":"https:\/\/www.aeroport-rodez.fr\/en\/wp-json\/wp\/v2\/pages\/463"}],"wp:featuredmedia":[{"embeddable":true,"href":"https:\/\/www.aeroport-rodez.fr\/en\/wp-json\/wp\/v2\/media\/2389"}],"wp:attachment":[{"href":"https:\/\/www.aeroport-rodez.fr\/en\/wp-json\/wp\/v2\/media?parent=1478"}],"curies":[{"name":"wp","href":"https:\/\/api.w.org\/{rel}","templated":true}]}}